{"id":2817,"date":"2021-12-06T13:20:12","date_gmt":"2021-12-06T16:20:12","guid":{"rendered":"https:\/\/marcogiannotti.com\/?page_id=2817"},"modified":"2021-12-15T18:08:24","modified_gmt":"2021-12-15T21:08:24","slug":"curriculo","status":"publish","type":"page","link":"https:\/\/marcogiannotti.com\/index.php\/curriculo\/","title":{"rendered":"Curr\u00edculo"},"content":{"rendered":"\t\t<div data-elementor-type=\"wp-page\" data-elementor-id=\"2817\" class=\"elementor elementor-2817\">\n\t\t\t\t\t\t<section class=\"has_eae_slider elementor-section elementor-top-section elementor-element elementor-element-e282fcb elementor-section-boxed elementor-section-height-default elementor-section-height-default\" data-eae-slider=\"2240\" data-id=\"e282fcb\" data-element_type=\"section\" data-e-type=\"section\" data-settings=\"{&quot;sticky&quot;:&quot;top&quot;,&quot;sticky_on&quot;:[&quot;desktop&quot;],&quot;sticky_offset&quot;:56,&quot;sticky_offset_tablet&quot;:100,&quot;sticky_effects_offset&quot;:0}\">\n\t\t\t\t\t\t<div class=\"elementor-container elementor-column-gap-default\">\n\t\t\t\t\t<div class=\"has_eae_slider elementor-column elementor-col-100 elementor-top-column elementor-element elementor-element-30d8db9\" data-eae-slider=\"93414\" data-id=\"30d8db9\" data-element_type=\"column\" data-e-type=\"column\">\n\t\t\t<div class=\"elementor-widget-wrap elementor-element-populated\">\n\t\t\t\t\t\t<div class=\"elementor-element elementor-element-26a3fab5 elementor-widget elementor-widget-heading\" data-id=\"26a3fab5\" data-element_type=\"widget\" data-e-type=\"widget\" data-widget_type=\"heading.default\">\n\t\t\t\t<div class=\"elementor-widget-container\">\n\t\t\t\t\t<h2 class=\"elementor-heading-title elementor-size-medium\">Experi\u00eancia<\/h2>\t\t\t\t<\/div>\n\t\t\t\t<\/div>\n\t\t\t\t<div class=\"elementor-element elementor-element-29b18512 elementor-widget elementor-widget-heading\" data-id=\"29b18512\" data-element_type=\"widget\" data-e-type=\"widget\" data-widget_type=\"heading.default\">\n\t\t\t\t<div class=\"elementor-widget-container\">\n\t\t\t\t\t<h6 class=\"elementor-heading-title elementor-size-default\">Marco Garaude Giannotti<\/h6>\t\t\t\t<\/div>\n\t\t\t\t<\/div>\n\t\t\t\t\t<\/div>\n\t\t<\/div>\n\t\t\t\t\t<\/div>\n\t\t<\/section>\n\t\t\t\t<section class=\"has_eae_slider elementor-section elementor-top-section elementor-element elementor-element-2b6d98e7 elementor-section-boxed elementor-section-height-default elementor-section-height-default\" data-eae-slider=\"38333\" data-id=\"2b6d98e7\" data-element_type=\"section\" data-e-type=\"section\">\n\t\t\t\t\t\t<div class=\"elementor-container elementor-column-gap-no\">\n\t\t\t\t\t<div class=\"has_eae_slider elementor-column elementor-col-50 elementor-top-column elementor-element elementor-element-3e1f6dea elementor-hidden-mobile\" data-eae-slider=\"96609\" data-id=\"3e1f6dea\" data-element_type=\"column\" data-e-type=\"column\">\n\t\t\t<div class=\"elementor-widget-wrap elementor-element-populated\">\n\t\t\t\t\t\t<section class=\"has_eae_slider elementor-section elementor-inner-section elementor-element elementor-element-7092e7d2 elementor-section-boxed elementor-section-height-default elementor-section-height-default\" data-eae-slider=\"90785\" data-id=\"7092e7d2\" data-element_type=\"section\" data-e-type=\"section\" data-settings=\"{&quot;sticky&quot;:&quot;top&quot;,&quot;sticky_offset&quot;:150,&quot;sticky_offset_tablet&quot;:158,&quot;sticky_on&quot;:[&quot;desktop&quot;,&quot;tablet&quot;,&quot;mobile&quot;],&quot;sticky_effects_offset&quot;:0}\">\n\t\t\t\t\t\t<div class=\"elementor-container elementor-column-gap-default\">\n\t\t\t\t\t<div class=\"has_eae_slider elementor-column elementor-col-100 elementor-inner-column elementor-element elementor-element-4f41ba28\" data-eae-slider=\"18089\" data-id=\"4f41ba28\" data-element_type=\"column\" data-e-type=\"column\">\n\t\t\t<div class=\"elementor-widget-wrap elementor-element-populated\">\n\t\t\t\t\t\t<div class=\"elementor-element elementor-element-7c3c07b elementor-icon-list--layout-traditional elementor-list-item-link-full_width elementor-widget elementor-widget-icon-list\" data-id=\"7c3c07b\" data-element_type=\"widget\" data-e-type=\"widget\" data-widget_type=\"icon-list.default\">\n\t\t\t\t<div class=\"elementor-widget-container\">\n\t\t\t\t\t\t\t<ul class=\"elementor-icon-list-items\">\n\t\t\t\t\t\t\t<li class=\"elementor-icon-list-item\">\n\t\t\t\t\t\t\t\t\t\t\t<a href=\"#formacao\">\n\n\t\t\t\t\t\t\t\t\t\t\t<span class=\"elementor-icon-list-text\">Forma\u00e7\u00e3o<\/span>\n\t\t\t\t\t\t\t\t\t\t\t<\/a>\n\t\t\t\t\t\t\t\t\t<\/li>\n\t\t\t\t\t\t\t\t<li class=\"elementor-icon-list-item\">\n\t\t\t\t\t\t\t\t\t\t\t<a href=\"#evolucao\">\n\n\t\t\t\t\t\t\t\t\t\t\t<span class=\"elementor-icon-list-text\">Evolu\u00e7\u00e3o da carreira docente<\/span>\n\t\t\t\t\t\t\t\t\t\t\t<\/a>\n\t\t\t\t\t\t\t\t\t<\/li>\n\t\t\t\t\t\t\t\t<li class=\"elementor-icon-list-item\">\n\t\t\t\t\t\t\t\t\t\t\t<a href=\"#producao\">\n\n\t\t\t\t\t\t\t\t\t\t\t<span class=\"elementor-icon-list-text\">Produ\u00e7\u00e3o Cient\u00edfica<\/span>\n\t\t\t\t\t\t\t\t\t\t\t<\/a>\n\t\t\t\t\t\t\t\t\t<\/li>\n\t\t\t\t\t\t\t\t<li class=\"elementor-icon-list-item\">\n\t\t\t\t\t\t\t\t\t\t\t<a href=\"#exposicoes\">\n\n\t\t\t\t\t\t\t\t\t\t\t<span class=\"elementor-icon-list-text\">Exposi\u00e7\u00f5es Individuais<\/span>\n\t\t\t\t\t\t\t\t\t\t\t<\/a>\n\t\t\t\t\t\t\t\t\t<\/li>\n\t\t\t\t\t\t\t\t<li class=\"elementor-icon-list-item\">\n\t\t\t\t\t\t\t\t\t\t\t<a href=\"#principais-exposicoes\">\n\n\t\t\t\t\t\t\t\t\t\t\t<span class=\"elementor-icon-list-text\">Principais Exposi\u00e7\u00f5es Coletivas<\/span>\n\t\t\t\t\t\t\t\t\t\t\t<\/a>\n\t\t\t\t\t\t\t\t\t<\/li>\n\t\t\t\t\t\t\t\t<li class=\"elementor-icon-list-item\">\n\t\t\t\t\t\t\t\t\t\t\t<a href=\"#premios\">\n\n\t\t\t\t\t\t\t\t\t\t\t<span class=\"elementor-icon-list-text\">Pr\u00eamios<\/span>\n\t\t\t\t\t\t\t\t\t\t\t<\/a>\n\t\t\t\t\t\t\t\t\t<\/li>\n\t\t\t\t\t\t\t\t<li class=\"elementor-icon-list-item\">\n\t\t\t\t\t\t\t\t\t\t\t<a href=\"#obras\">\n\n\t\t\t\t\t\t\t\t\t\t\t<span class=\"elementor-icon-list-text\">Obras em Cole\u00e7\u00f5es P\u00fablicas<\/span>\n\t\t\t\t\t\t\t\t\t\t\t<\/a>\n\t\t\t\t\t\t\t\t\t<\/li>\n\t\t\t\t\t\t\t\t<li class=\"elementor-icon-list-item\">\n\t\t\t\t\t\t\t\t\t\t\t<a href=\"#livros\">\n\n\t\t\t\t\t\t\t\t\t\t\t<span class=\"elementor-icon-list-text\">Livros publicados<\/span>\n\t\t\t\t\t\t\t\t\t\t\t<\/a>\n\t\t\t\t\t\t\t\t\t<\/li>\n\t\t\t\t\t\t<\/ul>\n\t\t\t\t\t\t<\/div>\n\t\t\t\t<\/div>\n\t\t\t\t<div class=\"elementor-element elementor-element-2896f6f elementor-toc--minimized-on-mobile elementor-widget-tablet__width-inherit elementor-hidden-desktop elementor-hidden-tablet elementor-hidden-mobile elementor-widget elementor-widget-table-of-contents\" data-id=\"2896f6f\" data-element_type=\"widget\" data-e-type=\"widget\" data-settings=\"{&quot;marker_view&quot;:&quot;bullets&quot;,&quot;icon&quot;:{&quot;value&quot;:&quot;&quot;,&quot;library&quot;:&quot;&quot;},&quot;headings_by_tags&quot;:[&quot;h3&quot;],&quot;minimized_on&quot;:&quot;mobile&quot;,&quot;collapse_subitems&quot;:&quot;yes&quot;,&quot;minimize_box&quot;:&quot;yes&quot;,&quot;hierarchical_view&quot;:&quot;yes&quot;,&quot;min_height&quot;:{&quot;unit&quot;:&quot;px&quot;,&quot;size&quot;:&quot;&quot;,&quot;sizes&quot;:[]},&quot;min_height_tablet&quot;:{&quot;unit&quot;:&quot;px&quot;,&quot;size&quot;:&quot;&quot;,&quot;sizes&quot;:[]},&quot;min_height_mobile&quot;:{&quot;unit&quot;:&quot;px&quot;,&quot;size&quot;:&quot;&quot;,&quot;sizes&quot;:[]}}\" data-widget_type=\"table-of-contents.default\">\n\t\t\t\t<div class=\"elementor-widget-container\">\n\t\t\t\t\t\t\t<div class=\"elementor-toc__header\">\n\t\t\t<h6 class=\"elementor-toc__header-title\">\n\t\t\t\t\t\t\t<\/h6>\n\t\t\t\t\t\t\t<div class=\"elementor-toc__toggle-button elementor-toc__toggle-button--expand\"><i class=\"fas fa-caret-down\"><\/i><\/div>\n\t\t\t\t<div class=\"elementor-toc__toggle-button elementor-toc__toggle-button--collapse\"><i class=\"fas fa-caret-up\"><\/i><\/div>\n\t\t\t\t\t<\/div>\n\t\t<div class=\"elementor-toc__body elementor-toc__list-items--collapsible\">\n\t\t\t<div class=\"elementor-toc__spinner-container\">\n\t\t\t\t<i class=\"elementor-toc__spinner eicon-animation-spin eicon-loading\" aria-hidden=\"true\"><\/i>\t\t\t<\/div>\n\t\t<\/div>\n\t\t\t\t\t\t<\/div>\n\t\t\t\t<\/div>\n\t\t\t\t\t<\/div>\n\t\t<\/div>\n\t\t\t\t\t<\/div>\n\t\t<\/section>\n\t\t\t\t<div class=\"elementor-element elementor-element-3d48e49f elementor-widget elementor-widget-spacer\" data-id=\"3d48e49f\" data-element_type=\"widget\" data-e-type=\"widget\" data-widget_type=\"spacer.default\">\n\t\t\t\t<div class=\"elementor-widget-container\">\n\t\t\t\t\t\t\t<div class=\"elementor-spacer\">\n\t\t\t<div class=\"elementor-spacer-inner\"><\/div>\n\t\t<\/div>\n\t\t\t\t\t\t<\/div>\n\t\t\t\t<\/div>\n\t\t\t\t\t<\/div>\n\t\t<\/div>\n\t\t\t\t<div class=\"has_eae_slider elementor-column elementor-col-50 elementor-top-column elementor-element elementor-element-fd38692\" data-eae-slider=\"31082\" data-id=\"fd38692\" data-element_type=\"column\" data-e-type=\"column\">\n\t\t\t<div class=\"elementor-widget-wrap elementor-element-populated\">\n\t\t\t\t\t\t<section class=\"has_eae_slider elementor-section elementor-inner-section elementor-element elementor-element-eada41e elementor-section-boxed elementor-section-height-default elementor-section-height-default\" data-eae-slider=\"58334\" data-id=\"eada41e\" data-element_type=\"section\" data-e-type=\"section\">\n\t\t\t\t\t\t<div class=\"elementor-container elementor-column-gap-default\">\n\t\t\t\t\t<div class=\"has_eae_slider elementor-column elementor-col-100 elementor-inner-column elementor-element elementor-element-7e324a88\" data-eae-slider=\"99748\" data-id=\"7e324a88\" data-element_type=\"column\" data-e-type=\"column\">\n\t\t\t<div class=\"elementor-widget-wrap elementor-element-populated\">\n\t\t\t\t\t\t<div class=\"elementor-element elementor-element-facaacd elementor-widget elementor-widget-menu-anchor\" data-id=\"facaacd\" data-element_type=\"widget\" data-e-type=\"widget\" data-widget_type=\"menu-anchor.default\">\n\t\t\t\t<div class=\"elementor-widget-container\">\n\t\t\t\t\t\t\t<div class=\"elementor-menu-anchor\" id=\"formacao\"><\/div>\n\t\t\t\t\t\t<\/div>\n\t\t\t\t<\/div>\n\t\t\t\t<div class=\"elementor-element elementor-element-46fc5352 elementor-widget elementor-widget-text-editor\" data-id=\"46fc5352\" data-element_type=\"widget\" data-e-type=\"widget\" data-widget_type=\"text-editor.default\">\n\t\t\t\t<div class=\"elementor-widget-container\">\n\t\t\t\t\t\t\t\t\t<h3 style=\"padding-left: 40px;\" data-id=\"028d856\" data-element_type=\"widget\" data-widget_type=\"heading.default\">Forma\u00e7\u00e3o<\/h3>\n<div class=\"elementor-element elementor-element-bf109d5 elementor-widget elementor-widget-text-editor\" data-id=\"bf109d5\" data-element_type=\"widget\" data-widget_type=\"text-editor.default\">\n<div class=\"elementor-widget-container\">\n<p><strong>1988<\/strong>&nbsp;&nbsp;&nbsp;&nbsp; Bacharel em Ci\u00eancias Sociais na USP.<\/p>\n<p><strong>1993<\/strong> &nbsp;&nbsp;&nbsp; Mestre em Filosofia na USP.<\/p>\n<p><strong>1998<\/strong>&nbsp;&nbsp;&nbsp;&nbsp; Doutor em Artes Pl\u00e1sticas na Escola de Comunica\u00e7\u00e3o e Artes da USP<\/p>\n<\/div>\n<\/div>\t\t\t\t\t\t\t\t<\/div>\n\t\t\t\t<\/div>\n\t\t\t\t\t<\/div>\n\t\t<\/div>\n\t\t\t\t\t<\/div>\n\t\t<\/section>\n\t\t\t\t<section class=\"has_eae_slider elementor-section elementor-inner-section elementor-element elementor-element-57ce1954 elementor-section-boxed elementor-section-height-default elementor-section-height-default\" data-eae-slider=\"10722\" data-id=\"57ce1954\" data-element_type=\"section\" data-e-type=\"section\">\n\t\t\t\t\t\t<div class=\"elementor-container elementor-column-gap-default\">\n\t\t\t\t\t<div class=\"has_eae_slider elementor-column elementor-col-100 elementor-inner-column elementor-element elementor-element-5c83aa9b\" data-eae-slider=\"17736\" data-id=\"5c83aa9b\" data-element_type=\"column\" data-e-type=\"column\">\n\t\t\t<div class=\"elementor-widget-wrap elementor-element-populated\">\n\t\t\t\t\t\t<div class=\"elementor-element elementor-element-9b43e63 elementor-widget-divider--view-line elementor-widget elementor-widget-divider\" data-id=\"9b43e63\" data-element_type=\"widget\" data-e-type=\"widget\" data-widget_type=\"divider.default\">\n\t\t\t\t<div class=\"elementor-widget-container\">\n\t\t\t\t\t\t\t<div class=\"elementor-divider\">\n\t\t\t<span class=\"elementor-divider-separator\">\n\t\t\t\t\t\t<\/span>\n\t\t<\/div>\n\t\t\t\t\t\t<\/div>\n\t\t\t\t<\/div>\n\t\t\t\t<div class=\"elementor-element elementor-element-9439313 elementor-widget elementor-widget-menu-anchor\" data-id=\"9439313\" data-element_type=\"widget\" data-e-type=\"widget\" data-widget_type=\"menu-anchor.default\">\n\t\t\t\t<div class=\"elementor-widget-container\">\n\t\t\t\t\t\t\t<div class=\"elementor-menu-anchor\" id=\"evolucao\"><\/div>\n\t\t\t\t\t\t<\/div>\n\t\t\t\t<\/div>\n\t\t\t\t<div class=\"elementor-element elementor-element-df8acb1 elementor-widget elementor-widget-text-editor\" data-id=\"df8acb1\" data-element_type=\"widget\" data-e-type=\"widget\" data-widget_type=\"text-editor.default\">\n\t\t\t\t<div class=\"elementor-widget-container\">\n\t\t\t\t\t\t\t\t\t<div data-id=\"028d856\" data-element_type=\"widget\" data-widget_type=\"heading.default\">\n<h3 style=\"text-align: left; padding-left: 40px;\">Evolu\u00e7\u00e3o da carreira docente<\/h3>\n<\/div>\n<div data-id=\"da06c7b\" data-element_type=\"widget\" data-widget_type=\"text-editor.default\">\n<div>\n<p><strong>1998 &nbsp;&nbsp;&nbsp; <\/strong>Professor do Departamento de Artes Pl\u00e1sticas da USP em regime de RDP<\/p>\n<p><strong>1999<\/strong>&nbsp;&nbsp;&nbsp;&nbsp; Professor Doutor do Departamento de Artes pl\u00e1sticas da USP\/ RDIDP<\/p>\n<p><strong>2006<\/strong>&nbsp;&nbsp;&nbsp;&nbsp; Professor Associado do Departamento de artes pl\u00e1sticas da USP.<\/p>\n<p><strong>2008 &nbsp;&nbsp;&nbsp;&nbsp;<\/strong> Professor visitante em Yale , E.U.A<\/p>\n<p><strong>2012 &nbsp;&nbsp;&nbsp; <\/strong>Professor Associado A3 do Departamento de Artes Pl\u00e1sticas da USP<\/p>\n<p><strong>2011 \u2013 2012<\/strong>&nbsp;&nbsp;&nbsp;&nbsp; Professor visitante na Universidade de Estudos Estrangeiros de Kyoto,&nbsp; Jap\u00e3o<\/p>\n<p><strong>2013 \u2013 2015 &nbsp;&nbsp;&nbsp; <\/strong>Presidente das Rela\u00e7\u00f5es Internacionais da Escola de Comunica\u00e7\u00f5es e Artes da USP<\/p>\n<p><strong>2017 &nbsp;&nbsp;&nbsp; <\/strong>Professor visitante, Universidade C\u00e1 Foscari, Veneza, It\u00e1lia<\/p>\n<p><strong>2018<\/strong> &nbsp;&nbsp;&nbsp; Professor visitante,&nbsp; Academia Jan Matejko, Crac\u00f3via, Pol\u00f4nia<\/p>\n<\/div>\n<\/div>\t\t\t\t\t\t\t\t<\/div>\n\t\t\t\t<\/div>\n\t\t\t\t\t<\/div>\n\t\t<\/div>\n\t\t\t\t\t<\/div>\n\t\t<\/section>\n\t\t\t\t<section class=\"has_eae_slider elementor-section elementor-inner-section elementor-element elementor-element-18f347c6 elementor-section-boxed elementor-section-height-default elementor-section-height-default\" data-eae-slider=\"28867\" data-id=\"18f347c6\" data-element_type=\"section\" data-e-type=\"section\" data-settings=\"{&quot;background_background&quot;:&quot;classic&quot;}\">\n\t\t\t\t\t\t<div class=\"elementor-container elementor-column-gap-default\">\n\t\t\t\t\t<div class=\"has_eae_slider elementor-column elementor-col-100 elementor-inner-column elementor-element elementor-element-4fa38603\" data-eae-slider=\"45679\" data-id=\"4fa38603\" data-element_type=\"column\" data-e-type=\"column\">\n\t\t\t<div class=\"elementor-widget-wrap elementor-element-populated\">\n\t\t\t\t\t\t<div class=\"elementor-element elementor-element-19c534e9 elementor-widget-divider--view-line elementor-widget elementor-widget-divider\" data-id=\"19c534e9\" data-element_type=\"widget\" data-e-type=\"widget\" data-widget_type=\"divider.default\">\n\t\t\t\t<div class=\"elementor-widget-container\">\n\t\t\t\t\t\t\t<div class=\"elementor-divider\">\n\t\t\t<span class=\"elementor-divider-separator\">\n\t\t\t\t\t\t<\/span>\n\t\t<\/div>\n\t\t\t\t\t\t<\/div>\n\t\t\t\t<\/div>\n\t\t\t\t<div class=\"elementor-element elementor-element-89cecff elementor-widget elementor-widget-menu-anchor\" data-id=\"89cecff\" data-element_type=\"widget\" data-e-type=\"widget\" data-widget_type=\"menu-anchor.default\">\n\t\t\t\t<div class=\"elementor-widget-container\">\n\t\t\t\t\t\t\t<div class=\"elementor-menu-anchor\" id=\"producao\"><\/div>\n\t\t\t\t\t\t<\/div>\n\t\t\t\t<\/div>\n\t\t\t\t<div class=\"elementor-element elementor-element-3d16cd34 elementor-widget elementor-widget-text-editor\" data-id=\"3d16cd34\" data-element_type=\"widget\" data-e-type=\"widget\" data-widget_type=\"text-editor.default\">\n\t\t\t\t<div class=\"elementor-widget-container\">\n\t\t\t\t\t\t\t\t\t<div data-id=\"6466554\" data-element_type=\"widget\" data-widget_type=\"heading.default\"><div><h3 style=\"text-align: left; padding-left: 40px;\">Produ\u00e7\u00e3o Cient\u00edfica<\/h3><\/div><\/div><div class=\"elementor-element elementor-element-c33ce38 elementor-widget elementor-widget-text-editor\" data-id=\"c33ce38\" data-element_type=\"widget\" data-widget_type=\"text-editor.default\"><div class=\"elementor-widget-container\"><p><strong>1993<\/strong> <em>Doutrina das Cores de Goethe. <\/em>Tese de mestrado, FFLCH\/USP.<\/p><p><strong>1998<\/strong> <em>Desvio para a Pintura. <\/em>\u00a0Tese de Doutorado, ECA\/USP. Pl\u00e1sticas<\/p><p><strong>2005<\/strong> <em>\u00c0 sombra da Imagem<\/em>. Tese de Livre doc\u00eancia. ECA\/USP<\/p><\/div><\/div>\t\t\t\t\t\t\t\t<\/div>\n\t\t\t\t<\/div>\n\t\t\t\t\t<\/div>\n\t\t<\/div>\n\t\t\t\t\t<\/div>\n\t\t<\/section>\n\t\t\t\t<section class=\"has_eae_slider elementor-section elementor-inner-section elementor-element elementor-element-55928a8 elementor-section-boxed elementor-section-height-default elementor-section-height-default\" data-eae-slider=\"44000\" data-id=\"55928a8\" data-element_type=\"section\" data-e-type=\"section\">\n\t\t\t\t\t\t<div class=\"elementor-container elementor-column-gap-default\">\n\t\t\t\t\t<div class=\"has_eae_slider elementor-column elementor-col-100 elementor-inner-column elementor-element elementor-element-5acfe0f1\" data-eae-slider=\"20749\" data-id=\"5acfe0f1\" data-element_type=\"column\" data-e-type=\"column\">\n\t\t\t<div class=\"elementor-widget-wrap elementor-element-populated\">\n\t\t\t\t\t\t<div class=\"elementor-element elementor-element-7407df0f elementor-widget-divider--view-line elementor-widget elementor-widget-divider\" data-id=\"7407df0f\" data-element_type=\"widget\" data-e-type=\"widget\" data-widget_type=\"divider.default\">\n\t\t\t\t<div class=\"elementor-widget-container\">\n\t\t\t\t\t\t\t<div class=\"elementor-divider\">\n\t\t\t<span class=\"elementor-divider-separator\">\n\t\t\t\t\t\t<\/span>\n\t\t<\/div>\n\t\t\t\t\t\t<\/div>\n\t\t\t\t<\/div>\n\t\t\t\t<div class=\"elementor-element elementor-element-054ba53 elementor-widget elementor-widget-menu-anchor\" data-id=\"054ba53\" data-element_type=\"widget\" data-e-type=\"widget\" data-widget_type=\"menu-anchor.default\">\n\t\t\t\t<div class=\"elementor-widget-container\">\n\t\t\t\t\t\t\t<div class=\"elementor-menu-anchor\" id=\"exposicoes\"><\/div>\n\t\t\t\t\t\t<\/div>\n\t\t\t\t<\/div>\n\t\t\t\t<div class=\"elementor-element elementor-element-4771c005 elementor-widget elementor-widget-text-editor\" data-id=\"4771c005\" data-element_type=\"widget\" data-e-type=\"widget\" data-widget_type=\"text-editor.default\">\n\t\t\t\t<div class=\"elementor-widget-container\">\n\t\t\t\t\t\t\t\t\t<h3 class=\"elementor-element elementor-element-028d856 elementor-widget elementor-widget-heading\" style=\"text-align: left; padding-left: 40px;\" data-id=\"028d856\" data-element_type=\"widget\" data-widget_type=\"heading.default\">Exposi\u00e7\u00f5es Individuais<\/h3><div class=\"elementor-element elementor-element-0f9cac5 elementor-widget elementor-widget-text-editor\" data-id=\"0f9cac5\" data-element_type=\"widget\" data-widget_type=\"text-editor.default\"><div class=\"elementor-widget-container\"><p><strong>1988\u00a0 <\/strong>Galeria Paulo Figueiredo, S\u00e3o Paulo.<\/p><p>FUNARTE, Rio de Janeiro.<\/p><p><strong>1990 <\/strong>Pass\u00e1rgada Arte Contempor\u00e2nea, Recife.<\/p><p style=\"padding-left: 40px;\">O<em>s sete dias da Cria\u00e7\u00e3o<\/em>, I.C.I.,\u00a0 Buenos Aires.<\/p><p><strong>1991 <\/strong>Galeria Paulo Figueiredo, S\u00e3o Paulo<\/p><p style=\"padding-left: 40px;\">Funda\u00e7\u00e3o Cultural de Curitiba.<\/p><p><strong>1993 <\/strong><em>Fachadas, <\/em>MASP, S\u00e3o Paulo.<\/p><p><strong>1994 <\/strong><em>Fachadas, <\/em>Casa de Cultura M\u00e1rio Quintana, Porto Alegre.<\/p><p><strong>1995 <\/strong>Galeria Anna Maria Niemeyer, <br \/>Rio de Janeiro<\/p><p style=\"padding-left: 40px;\">Galeria Camargo-Vila\u00e7a, S\u00e3o Paulo.<\/p><p><strong>1996 <\/strong><em>C\u00e1rcere<\/em>, Pa\u00e7o Imperial, Rio de Janeiro<\/p><p style=\"padding-left: 40px;\"><em>C\u00e1rcere<\/em>, Marina Potrich galeria, Goi\u00e2nia.<\/p><p><strong>1997 <\/strong><em>Cromos, <\/em>Galeria S\u00e3o Paulo.<\/p><p><strong>1998 <\/strong><em>Circuitos<\/em>, Pa\u00e7o das Artes, S\u00e3o Paulo.<\/p><p style=\"padding-left: 40px;\"><em>Circuitos<\/em>, Galeria Anna Maria Niemeyer, Rio de Janeiro.<\/p><p><strong>1999 <\/strong><em>Pinturas<\/em>, Galeria S\u00e3o Paulo.<\/p><p><strong>2000 <\/strong><em>Relevos<\/em>, Centro Universit\u00e1rio Maria Ant\u00f4nia, S\u00e3o Paulo.<\/p><p><b>2001<\/b> <em>Pinturas<\/em>, Galeria S\u00e3o Paulo.<\/p><p><b>2003<\/b> <em>Nenhuma dist\u00e2ncia, nenhum Infinito.<\/em> Espa\u00e7o Virg\u00edlio, S\u00e3o Paulo.<\/p><p><b>2005<\/b> <em>Oleodutos,<\/em> Galeria Virg\u00edlio, S\u00e3o Paulo.<\/p><p><strong>2007 <\/strong><em>Passagens<\/em>, Pinacoteca do Estado<\/p><p><strong>2009 <\/strong><em>Contraluz <\/em>Gabinete de Arte Raquel Arnaud, S\u00e3o Paulo<\/p><p style=\"padding-left: 40px;\"><em>Quadrante, <\/em>Centro Universit\u00e1rio Maria Ant\u00f4nia, S\u00e3o Paulo<\/p><p><strong>2013 <\/strong><em>Penumbra<\/em>, Galeria Raquel Arnaud, S\u00e3o Paulo<\/p><p style=\"padding-left: 40px;\">\u00a0<em>Di\u00e1rio de Kioto<\/em>, Instituto Tomie Ohtake, S\u00e3o Paulo<\/p><p style=\"padding-left: 40px;\"><em>Sombra, e Esbatimentos<\/em> Macs, Sorocaba<\/p><p><strong>2015<\/strong> <em>Entropia<\/em>, Galeria Raquel Arnaud, S\u00e3o Paulo<\/p><p><b>2019<\/b> <em>Atrav\u00e9s <\/em>, Galeria Raquel Arnaud, S\u00e3o Paulo<\/p><p style=\"padding-left: 40px;\"><em>Passages<\/em>, Mark Rothko Art Center, Dougavpils, Let\u00f4nia<\/p><\/div><\/div>\t\t\t\t\t\t\t\t<\/div>\n\t\t\t\t<\/div>\n\t\t\t\t\t<\/div>\n\t\t<\/div>\n\t\t\t\t\t<\/div>\n\t\t<\/section>\n\t\t\t\t<section class=\"has_eae_slider elementor-section elementor-inner-section elementor-element elementor-element-60dd979e elementor-section-boxed elementor-section-height-default elementor-section-height-default\" data-eae-slider=\"70141\" data-id=\"60dd979e\" data-element_type=\"section\" data-e-type=\"section\">\n\t\t\t\t\t\t<div class=\"elementor-container elementor-column-gap-default\">\n\t\t\t\t\t<div class=\"has_eae_slider elementor-column elementor-col-100 elementor-inner-column elementor-element elementor-element-7aa0560a\" data-eae-slider=\"15304\" data-id=\"7aa0560a\" data-element_type=\"column\" data-e-type=\"column\">\n\t\t\t<div class=\"elementor-widget-wrap elementor-element-populated\">\n\t\t\t\t\t\t<div class=\"elementor-element elementor-element-6f97ebe5 elementor-widget-divider--view-line elementor-widget elementor-widget-divider\" data-id=\"6f97ebe5\" data-element_type=\"widget\" data-e-type=\"widget\" data-widget_type=\"divider.default\">\n\t\t\t\t<div class=\"elementor-widget-container\">\n\t\t\t\t\t\t\t<div class=\"elementor-divider\">\n\t\t\t<span class=\"elementor-divider-separator\">\n\t\t\t\t\t\t<\/span>\n\t\t<\/div>\n\t\t\t\t\t\t<\/div>\n\t\t\t\t<\/div>\n\t\t\t\t<div class=\"elementor-element elementor-element-611b5e1 elementor-widget elementor-widget-menu-anchor\" data-id=\"611b5e1\" data-element_type=\"widget\" data-e-type=\"widget\" data-widget_type=\"menu-anchor.default\">\n\t\t\t\t<div class=\"elementor-widget-container\">\n\t\t\t\t\t\t\t<div class=\"elementor-menu-anchor\" id=\"principais-exposicoes\"><\/div>\n\t\t\t\t\t\t<\/div>\n\t\t\t\t<\/div>\n\t\t\t\t<div class=\"elementor-element elementor-element-4aca80c1 elementor-widget elementor-widget-text-editor\" data-id=\"4aca80c1\" data-element_type=\"widget\" data-e-type=\"widget\" data-widget_type=\"text-editor.default\">\n\t\t\t\t<div class=\"elementor-widget-container\">\n\t\t\t\t\t\t\t\t\t<div data-id=\"62ac7ad\" data-element_type=\"widget\" data-widget_type=\"heading.default\"><div><h3 style=\"text-align: left; padding-left: 40px;\">Principais Exposi\u00e7\u00f5es Coletivas<\/h3><p>\u00a0<\/p><\/div><\/div><div class=\"elementor-element elementor-element-2aca732 elementor-widget elementor-widget-text-editor\" data-id=\"2aca732\" data-element_type=\"widget\" data-widget_type=\"text-editor.default\"><div class=\"elementor-widget-container\"><p><strong>1986 <\/strong>9\u00ba Sal\u00e3o Nacional de Artes Pl\u00e1sticas, Rio de Janeiro.<\/p><p><strong>1987 <\/strong>2\u00aa Bienal de Cuenca, Equador.<\/p><p style=\"padding-left: 40px;\">Sal\u00e3o Paulista.<\/p><p><strong>1988 <\/strong>10\u00ba Sal\u00e3o Nacional de Artes Pl\u00e1sticas, Rio de Janeiro.<\/p><p><strong>1989 <\/strong>10\u00ba Artistas, Rua Fortunato, S\u00e3o Paulo.<\/p><p style=\"padding-left: 40px;\">6 X Brasil, Galerie Raue, Bonn.<\/p><p style=\"padding-left: 40px;\">Panorama da Arte Atual Brasileira-Pintura, MAM, S\u00e3o Paulo.<\/p><p style=\"padding-left: 40px;\"><em>O Pequeno Infinito e o Grande Circunscrito<\/em>, Galeria ARCO, S.P.<\/p><p style=\"padding-left: 40px;\">Sal\u00e3o Nacional de Artes Pl\u00e1sticas, Rio de Janeiro.<\/p><p style=\"padding-left: 40px;\"><em>Arte Contempor\u00e2nea S\u00e3o Paulo<\/em>:\u00a0 Centro\u00a0 Cultural S\u00e3o Paulo.<\/p><p><strong>1990 <\/strong><em>Brazil Projects 90<\/em>, Municipal Art Gallery, Los Angeles \/ MASP.<\/p><p style=\"padding-left: 40px;\">Sal\u00e3o de Bras\u00edlia.<\/p><p style=\"padding-left: 40px;\">Panorama da Arte Atual Brasileira-Desenho, MAM, S\u00e3o Paulo.<\/p><p><strong>1991 <\/strong>Arte Contempor\u00e2nea Brasileira, Liljevalchs Konsthall, Estocolmo.<\/p><p style=\"padding-left: 40px;\">BR\/80 Ita\u00fa galeria, S\u00e3o Paulo<\/p><p><strong>1992 <\/strong>Arte Brasileira: A nova gera\u00e7\u00e3o. \u2013 Fundaci\u00f3n Museo de Bellas Artes, Caracas.<\/p><p style=\"padding-left: 40px;\">Programa de Exposi\u00e7\u00e3o Arte Contempor\u00e2nea. Centro Cultural S\u00e3o Paulo.<\/p><p style=\"padding-left: 40px;\">13 Artistas Paulistas. Museu de Arte Moderna do Rio de Janeiro.<\/p><p><strong>1993 <\/strong>Panorama de Pintura. MAM, S\u00e3o Paulo.<\/p><p><strong>1994 <\/strong>Arte-Cidade<em>: Cidade sem Janelas<\/em>. Matadouro da Vila Mariana. S\u00e3o Paulo<\/p><p style=\"padding-left: 40px;\">Bienal de Cuenca. Equador.<\/p><p><strong>1996 <\/strong><em>Des-ex-plogni\u00e7\u00e3o<\/em>, exposi\u00e7\u00e3o conjunta com Haroldo de Campos.<\/p><p style=\"padding-left: 40px;\">Casa das Rosas. S\u00e3o Paulo<\/p><p style=\"padding-left: 40px;\">Doa\u00e7\u00e3o Paulo Figueiredo. MAM, S\u00e3o Paulo.<\/p><p><strong>1997 <\/strong>Artista convidado para o programa de exposi\u00e7\u00f5es do Centro Cultural S. Paulo.<\/p><p><strong>1998 <\/strong><em>Terra e mar \u00e0 vista<\/em>. Instituto Ita\u00fa cultural, S\u00e3o Paulo.<\/p><p style=\"padding-left: 40px;\"><em>Remetente<\/em>. Espa\u00e7o Ulbra,\u00a0 Porto Alegre.<\/p><p style=\"padding-left: 40px;\"><em>City Canibal<\/em>, Pa\u00e7o das Artes, S\u00e3o Paulo.<\/p><p style=\"padding-left: 40px;\"><em>Quase nada.<\/em> <em>Nassauicher Kunstverein Wiesbaden<\/em>, Alemanha.<\/p><p><strong>1999<\/strong> Galeria Casa da Imagem, Curitiba.<\/p><p style=\"padding-left: 40px;\">II Bienal do Mercosul , Porto Alegre.<\/p><p><strong>2000<\/strong> <em>Os anjos est\u00e3o de volta<\/em>, Pinacoteca de S\u00e3o Paulo.<\/p><p><strong>2001<\/strong>\u00a0 III Bienal do Mercosul, Porto Alegre.<\/p><p><strong>2002<\/strong><em> \u00a0Am\u00edlcar de Castro\/ Tang\u00eancias<\/em>, Espa\u00e7o\u00a0 Santander. Porto Alegre.<\/p><p style=\"padding-left: 40px;\"><em>ArteCidadeZonaLeste<\/em>, Santu\u00e1rio S\u00e3o Jos\u00e9 do Bel\u00e9m, S\u00e3o Paulo.<\/p><p style=\"padding-left: 40px;\"><em>28(+) Pintura<\/em>, Espa\u00e7o Virg\u00edlio, S\u00e3o Paulo<\/p><p><strong>2003<\/strong> <em>Aria<\/em> galeria de arte, Recife.<\/p><p style=\"padding-left: 40px;\"><em>Marcant\u00f4nio Vila\u00e7a Interfaces<\/em>. Museu de Arte\u00a0 Contempor\u00e2nea de S\u00e3o Paulo.<\/p><p><strong>2004 <\/strong><em>Outro lugar<\/em>. Espa\u00e7o Virg\u00edlio, S\u00e3o Paulo<\/p><p style=\"padding-left: 40px;\"><em>Heterodoxia<\/em>, Memorial da Am\u00e9rica Latina, S\u00e3o Paulo.<\/p><p style=\"padding-left: 40px;\"><em>Casa: uma po\u00e9tica do espa\u00e7o<\/em>, Museu da Vale do Rio Doce, Vit\u00f3ria.<\/p><p><strong>2005<\/strong> <em>Br 2005, <\/em>Galeria Virg\u00edlio, S\u00e3o Paulo.<\/p><p><strong>2006 <\/strong><em>Ciccillo<\/em> \u2013 Acervo Mac USP.<\/p><p style=\"padding-left: 40px;\"><em>\u00a0Ao mesmo tempo nosso tempo<\/em>. Museu de Arte . S.P.<\/p><p style=\"padding-left: 40px;\">Galeria Casa da Imagem. Curitiba.<\/p><p style=\"padding-left: 40px;\"><em>Paralela<\/em>,\u00a0 Pavilh\u00e3o do Prodan\/Ibirapuera, S\u00e3o Paulo.<\/p><p><strong>2007<\/strong><em> Acervo do Mam<\/em> na Oca, S\u00e3o Paulo.<\/p><p><strong>2008 <\/strong>Entre o plano e o espa\u00e7o. Galeria Raquel Arnaud . S\u00e3o Paulo<\/p><p style=\"padding-left: 40px;\">60 anos do MAM . Oca , S\u00e3o Paulo<\/p><p style=\"padding-left: 40px;\"><em>Olhares cruzados<\/em>, Galeria Casa da Imagem, Curitiba.<\/p><p style=\"padding-left: 40px;\">Ano 01. Anita Schwartz\u00a0 Galeria de arte, Rio de Janeiro<\/p><p><strong>2009 <\/strong>Experi\u00eancias Contempor\u00e2neas Cole\u00e7\u00e3o MAC USP Cole\u00e7\u00e3o Vila\u00e7a.<\/p><p style=\"padding-left: 40px;\">Espa\u00e7o Cultural Marcantonio Vila\u00e7a Bras\u00edlia.<\/p><p><strong>2010<\/strong> <em>Arte e Espiritualidade.<\/em> Mosteiro de S\u00e3o Bento, S.P.<\/p><p style=\"padding-left: 40px;\"><em>Transi\u00e7\u00f5es<\/em>. Gabinete de Arte Raquel Arnaud. S.P.<\/p><p><strong>2012<\/strong> <em>Passato imediato.<\/em>Memorial da America Latina, S\u00e3o Paulo<\/p><p style=\"padding-left: 40px;\"><em>Percursos Contempor\u00e2neos<\/em>. Museu de Arte contempor\u00e2nea de Sorocaba<\/p><p><strong>2013 <\/strong>Tomie Ohtake \u2013 <em>correspond\u00eancias. <\/em>Instituto Tomie Ohtake, S\u00e3o Paulo<\/p><p><strong>2014<\/strong> <em>\u00danico<\/em> , Curadoria Paulo Ven\u00e2ncio , Galeria Carbono S\u00e3o Paulo \u2013 SP,<\/p><p style=\"padding-left: 40px;\"><em>Para Al\u00e9m do Ponto e da Linha: Arte Moderna e Contempor\u00e2nea no Acervo do MAC USP<\/em><\/p><p><strong>2017 <\/strong><em>Um ensaio sobre o desenho<\/em>. Curadoria Claudio Mubarac. Galeria Raquel Arnaud.<\/p><p style=\"padding-left: 40px;\"><em>O MAC USP no S\u00e9culo XXI: A Era dos Artistas, \u00a0<\/em>curadoria K\u00e1tia Canton<\/p><p><strong>2019 <\/strong><em>O sagrado na Arte Moderna Brasileira<\/em>, Curadoria Fabio Magalh\u00e3es e Maria In\u00eas Lopes \u00a0Coutinho. Museu de Arte Sacra, S\u00e3o Paulo<\/p><\/div><\/div>\t\t\t\t\t\t\t\t<\/div>\n\t\t\t\t<\/div>\n\t\t\t\t\t<\/div>\n\t\t<\/div>\n\t\t\t\t\t<\/div>\n\t\t<\/section>\n\t\t\t\t<section class=\"has_eae_slider elementor-section elementor-inner-section elementor-element elementor-element-4c87a273 elementor-section-boxed elementor-section-height-default elementor-section-height-default\" data-eae-slider=\"34318\" data-id=\"4c87a273\" data-element_type=\"section\" data-e-type=\"section\">\n\t\t\t\t\t\t<div class=\"elementor-container elementor-column-gap-default\">\n\t\t\t\t\t<div class=\"has_eae_slider elementor-column elementor-col-100 elementor-inner-column elementor-element elementor-element-37b5ccdd\" data-eae-slider=\"6598\" data-id=\"37b5ccdd\" data-element_type=\"column\" data-e-type=\"column\">\n\t\t\t<div class=\"elementor-widget-wrap elementor-element-populated\">\n\t\t\t\t\t\t<div class=\"elementor-element elementor-element-8e6f10f elementor-widget-divider--view-line elementor-widget elementor-widget-divider\" data-id=\"8e6f10f\" data-element_type=\"widget\" data-e-type=\"widget\" data-widget_type=\"divider.default\">\n\t\t\t\t<div class=\"elementor-widget-container\">\n\t\t\t\t\t\t\t<div class=\"elementor-divider\">\n\t\t\t<span class=\"elementor-divider-separator\">\n\t\t\t\t\t\t<\/span>\n\t\t<\/div>\n\t\t\t\t\t\t<\/div>\n\t\t\t\t<\/div>\n\t\t\t\t<div class=\"elementor-element elementor-element-024bd92 elementor-widget elementor-widget-menu-anchor\" data-id=\"024bd92\" data-element_type=\"widget\" data-e-type=\"widget\" data-widget_type=\"menu-anchor.default\">\n\t\t\t\t<div class=\"elementor-widget-container\">\n\t\t\t\t\t\t\t<div class=\"elementor-menu-anchor\" id=\"premios\"><\/div>\n\t\t\t\t\t\t<\/div>\n\t\t\t\t<\/div>\n\t\t\t\t<div class=\"elementor-element elementor-element-5ff10c7b elementor-widget elementor-widget-text-editor\" data-id=\"5ff10c7b\" data-element_type=\"widget\" data-e-type=\"widget\" data-widget_type=\"text-editor.default\">\n\t\t\t\t<div class=\"elementor-widget-container\">\n\t\t\t\t\t\t\t\t\t<div class=\"elementor-element elementor-element-b431ae7 elementor-widget elementor-widget-text-editor\" data-id=\"b431ae7\" data-element_type=\"widget\" data-widget_type=\"text-editor.default\"><div class=\"elementor-widget-container\"><h3 style=\"text-align: left; padding-left: 40px;\">Pr\u00eamios<\/h3><p>\u00a0<\/p><p><strong>1986 <\/strong>Aquisi\u00e7\u00e3o, 9. Sal\u00e3o Nacional de Artes Pl\u00e1sticas<\/p><p><strong>1987<\/strong> Pr\u00eamio Ivan Serpa. FUNARTE.<\/p><p><strong>1988 <\/strong>Aquisi\u00e7\u00e3o, 10.<\/p><p style=\"padding-left: 40px;\">Sal\u00e3o Nacional de Artes Pl\u00e1sticas.<\/p><p style=\"padding-left: 40px;\">Aquisi\u00e7\u00e3o, 2. Sal\u00e3o da Bahia.<\/p><p><strong>1990 <\/strong>Aquisi\u00e7\u00e3o1. Sal\u00e3o de Bras\u00edlia.<\/p><p><strong>1997 <\/strong>Pr\u00eamio APCA \u2013 Pintura.<\/p><p><strong>2010 <\/strong>Pr\u00eamio APCA melhor exposi\u00e7\u00e3o do anoObras em cole\u00e7\u00f5es P\u00fablicas<\/p><\/div><\/div>\t\t\t\t\t\t\t\t<\/div>\n\t\t\t\t<\/div>\n\t\t\t\t\t<\/div>\n\t\t<\/div>\n\t\t\t\t\t<\/div>\n\t\t<\/section>\n\t\t\t\t<section class=\"has_eae_slider elementor-section elementor-inner-section elementor-element elementor-element-191d2522 elementor-section-boxed elementor-section-height-default elementor-section-height-default\" data-eae-slider=\"27391\" data-id=\"191d2522\" data-element_type=\"section\" data-e-type=\"section\">\n\t\t\t\t\t\t<div class=\"elementor-container elementor-column-gap-default\">\n\t\t\t\t\t<div class=\"has_eae_slider elementor-column elementor-col-100 elementor-inner-column elementor-element elementor-element-1d5a4e17\" data-eae-slider=\"42977\" data-id=\"1d5a4e17\" data-element_type=\"column\" data-e-type=\"column\">\n\t\t\t<div class=\"elementor-widget-wrap elementor-element-populated\">\n\t\t\t\t\t\t<div class=\"elementor-element elementor-element-5cc40456 elementor-widget-divider--view-line elementor-widget elementor-widget-divider\" data-id=\"5cc40456\" data-element_type=\"widget\" data-e-type=\"widget\" data-widget_type=\"divider.default\">\n\t\t\t\t<div class=\"elementor-widget-container\">\n\t\t\t\t\t\t\t<div class=\"elementor-divider\">\n\t\t\t<span class=\"elementor-divider-separator\">\n\t\t\t\t\t\t<\/span>\n\t\t<\/div>\n\t\t\t\t\t\t<\/div>\n\t\t\t\t<\/div>\n\t\t\t\t<div class=\"elementor-element elementor-element-db76abb elementor-widget elementor-widget-menu-anchor\" data-id=\"db76abb\" data-element_type=\"widget\" data-e-type=\"widget\" data-widget_type=\"menu-anchor.default\">\n\t\t\t\t<div class=\"elementor-widget-container\">\n\t\t\t\t\t\t\t<div class=\"elementor-menu-anchor\" id=\"obras\"><\/div>\n\t\t\t\t\t\t<\/div>\n\t\t\t\t<\/div>\n\t\t\t\t<div class=\"elementor-element elementor-element-7aad473e elementor-widget elementor-widget-text-editor\" data-id=\"7aad473e\" data-element_type=\"widget\" data-e-type=\"widget\" data-widget_type=\"text-editor.default\">\n\t\t\t\t<div class=\"elementor-widget-container\">\n\t\t\t\t\t\t\t\t\t<div data-id=\"62ac7ad\" data-element_type=\"widget\" data-widget_type=\"heading.default\"><div><h3 style=\"text-align: left; padding-left: 40px;\">Obras em Cole\u00e7\u00f5es P\u00fablicas<\/h3><\/div><\/div><div data-id=\"010bf14\" data-element_type=\"widget\" data-widget_type=\"heading.default\"><div>\u00a0<\/div><\/div><div class=\"elementor-element elementor-element-2252d01 elementor-widget elementor-widget-text-editor\" data-id=\"2252d01\" data-element_type=\"widget\" data-widget_type=\"text-editor.default\"><div class=\"elementor-widget-container\"><p>Pinacoteca do Estado, S\u00e3o Paulo. Museu de Arte de S\u00e3o Paulo. Museu de Arte Moderna de S\u00e3o Paulo. Museu de Arte Contempor\u00e2nea, S\u00e3o Paulo. Funda\u00e7\u00e3o Armando Alvares Penteado, S\u00e3o Paulo. Museu de Bras\u00edlia, DF. Casa de Cultura M\u00e1rio Quintana, Porto Alegre. Museu de Arte de Niter\u00f3i (Cole\u00e7\u00e3o Jo\u00e3o Satamini). Instituto Cultural Ita\u00fa, S\u00e3o Paulo. Mosteiro de S\u00e3o Bento, S\u00e3o Paulo.<\/p><\/div><\/div>\t\t\t\t\t\t\t\t<\/div>\n\t\t\t\t<\/div>\n\t\t\t\t\t<\/div>\n\t\t<\/div>\n\t\t\t\t\t<\/div>\n\t\t<\/section>\n\t\t\t\t<section class=\"has_eae_slider elementor-section elementor-inner-section elementor-element elementor-element-4e77701d elementor-section-boxed elementor-section-height-default elementor-section-height-default\" data-eae-slider=\"94260\" data-id=\"4e77701d\" data-element_type=\"section\" data-e-type=\"section\">\n\t\t\t\t\t\t<div class=\"elementor-container elementor-column-gap-default\">\n\t\t\t\t\t<div class=\"has_eae_slider elementor-column elementor-col-100 elementor-inner-column elementor-element elementor-element-61fe72bd\" data-eae-slider=\"60891\" data-id=\"61fe72bd\" data-element_type=\"column\" data-e-type=\"column\">\n\t\t\t<div class=\"elementor-widget-wrap elementor-element-populated\">\n\t\t\t\t\t\t<div class=\"elementor-element elementor-element-79abe26b elementor-widget-divider--view-line elementor-widget elementor-widget-divider\" data-id=\"79abe26b\" data-element_type=\"widget\" data-e-type=\"widget\" data-widget_type=\"divider.default\">\n\t\t\t\t<div class=\"elementor-widget-container\">\n\t\t\t\t\t\t\t<div class=\"elementor-divider\">\n\t\t\t<span class=\"elementor-divider-separator\">\n\t\t\t\t\t\t<\/span>\n\t\t<\/div>\n\t\t\t\t\t\t<\/div>\n\t\t\t\t<\/div>\n\t\t\t\t<div class=\"elementor-element elementor-element-c5f60c8 elementor-widget elementor-widget-menu-anchor\" data-id=\"c5f60c8\" data-element_type=\"widget\" data-e-type=\"widget\" data-widget_type=\"menu-anchor.default\">\n\t\t\t\t<div class=\"elementor-widget-container\">\n\t\t\t\t\t\t\t<div class=\"elementor-menu-anchor\" id=\"livros\"><\/div>\n\t\t\t\t\t\t<\/div>\n\t\t\t\t<\/div>\n\t\t\t\t<div class=\"elementor-element elementor-element-2b44242e elementor-widget elementor-widget-text-editor\" data-id=\"2b44242e\" data-element_type=\"widget\" data-e-type=\"widget\" data-widget_type=\"text-editor.default\">\n\t\t\t\t<div class=\"elementor-widget-container\">\n\t\t\t\t\t\t\t\t\t<div data-id=\"62ac7ad\" data-element_type=\"widget\" data-widget_type=\"heading.default\"><div><div><h3 style=\"padding-left: 40px;\">Livros publicados<\/h3><p>\u00a0<\/p><\/div><p><strong>2013<\/strong> <em>O Di\u00e1rio de Kioto<\/em>. 1. ed. S\u00e3o Paulo: Martins, v. 1. 160p 1. ed.<\/p><\/div><\/div><div class=\"elementor-element elementor-element-e6255a7 elementor-widget elementor-widget-text-editor\" data-id=\"e6255a7\" data-element_type=\"widget\" data-widget_type=\"text-editor.default\"><div class=\"elementor-widget-container\"><p><strong>2011<\/strong> <em>Marco Giannotti<\/em>, Espanha: Dardo, v. 1. 110p .<\/p><p><strong>2009<\/strong> <em>Breve hist\u00f3ria da pintura contempor\u00e2nea<\/em>. 1. ed. S\u00e3o Paulo, SP: \u00a0\u00a0\u00a0Claridade, v. 1, 150p .<\/p><p><strong>2007<\/strong> <em>Marco Giannotti<\/em>; Brissac, Nelson . Passagens. 1. ed. S\u00e3o Paulo,SP: Cosac Naify, v. 1. 156p<\/p><p style=\"padding-left: 40px;\">Refex\u00f5es sobre a Cor (org) EditoraMartins Fontes. 422 p<\/p><p style=\"padding-left: 40px;\">Pintura Contempor\u00e2nea, S\u00e3o Paulo, Editora Nova Alexandria 144p.<\/p><\/div><\/div>\t\t\t\t\t\t\t\t<\/div>\n\t\t\t\t<\/div>\n\t\t\t\t\t<\/div>\n\t\t<\/div>\n\t\t\t\t\t<\/div>\n\t\t<\/section>\n\t\t\t\t<section class=\"has_eae_slider elementor-section elementor-inner-section elementor-element elementor-element-21f3220 elementor-section-boxed elementor-section-height-default elementor-section-height-default\" data-eae-slider=\"46800\" data-id=\"21f3220\" data-element_type=\"section\" data-e-type=\"section\">\n\t\t\t\t\t\t<div class=\"elementor-container elementor-column-gap-default\">\n\t\t\t\t\t<div class=\"has_eae_slider elementor-column elementor-col-100 elementor-inner-column elementor-element elementor-element-3f055f88\" data-eae-slider=\"30004\" data-id=\"3f055f88\" data-element_type=\"column\" data-e-type=\"column\">\n\t\t\t<div class=\"elementor-widget-wrap elementor-element-populated\">\n\t\t\t\t\t\t<div class=\"elementor-element elementor-element-7cfbcfdf elementor-widget-divider--view-line elementor-widget elementor-widget-divider\" data-id=\"7cfbcfdf\" data-element_type=\"widget\" data-e-type=\"widget\" data-widget_type=\"divider.default\">\n\t\t\t\t<div class=\"elementor-widget-container\">\n\t\t\t\t\t\t\t<div class=\"elementor-divider\">\n\t\t\t<span class=\"elementor-divider-separator\">\n\t\t\t\t\t\t<\/span>\n\t\t<\/div>\n\t\t\t\t\t\t<\/div>\n\t\t\t\t<\/div>\n\t\t\t\t\t<\/div>\n\t\t<\/div>\n\t\t\t\t\t<\/div>\n\t\t<\/section>\n\t\t\t\t\t<\/div>\n\t\t<\/div>\n\t\t\t\t\t<\/div>\n\t\t<\/section>\n\t\t\t\t<\/div>\n\t\t","protected":false},"excerpt":{"rendered":"<p>Experi\u00eancia Marco Garaude Giannotti Forma\u00e7\u00e3o Evolu\u00e7\u00e3o da carreira docente Produ\u00e7\u00e3o Cient\u00edfica Exposi\u00e7\u00f5es Individuais Principais Exposi\u00e7\u00f5es Coletivas Pr\u00eamios Obras em Cole\u00e7\u00f5es P\u00fablicas Livros publicados Forma\u00e7\u00e3o 1988&nbsp;&nbsp;&nbsp;&nbsp; Bacharel em Ci\u00eancias Sociais na USP. 1993 &nbsp;&nbsp;&nbsp; Mestre em Filosofia na USP. 1998&nbsp;&nbsp;&nbsp;&nbsp; Doutor em Artes Pl\u00e1sticas na Escola de Comunica\u00e7\u00e3o e Artes da USP Evolu\u00e7\u00e3o da carreira docente [&hellip;]<\/p>\n","protected":false},"author":1,"featured_media":0,"parent":0,"menu_order":4,"comment_status":"closed","ping_status":"closed","template":"elementor_header_footer","meta":{"om_disable_all_campaigns":false,"ngg_post_thumbnail":0,"footnotes":""},"class_list":["post-2817","page","type-page","status-publish","hentry"],"_links":{"self":[{"href":"https:\/\/marcogiannotti.com\/index.php\/wp-json\/wp\/v2\/pages\/2817","targetHints":{"allow":["GET"]}}],"collection":[{"href":"https:\/\/marcogiannotti.com\/index.php\/wp-json\/wp\/v2\/pages"}],"about":[{"href":"https:\/\/marcogiannotti.com\/index.php\/wp-json\/wp\/v2\/types\/page"}],"author":[{"embeddable":true,"href":"https:\/\/marcogiannotti.com\/index.php\/wp-json\/wp\/v2\/users\/1"}],"replies":[{"embeddable":true,"href":"https:\/\/marcogiannotti.com\/index.php\/wp-json\/wp\/v2\/comments?post=2817"}],"version-history":[{"count":275,"href":"https:\/\/marcogiannotti.com\/index.php\/wp-json\/wp\/v2\/pages\/2817\/revisions"}],"predecessor-version":[{"id":3977,"href":"https:\/\/marcogiannotti.com\/index.php\/wp-json\/wp\/v2\/pages\/2817\/revisions\/3977"}],"wp:attachment":[{"href":"https:\/\/marcogiannotti.com\/index.php\/wp-json\/wp\/v2\/media?parent=2817"}],"curies":[{"name":"wp","href":"https:\/\/api.w.org\/{rel}","templated":true}]}}